{"id":2,"date":"2011-04-23T07:38:53","date_gmt":"2011-04-23T07:38:53","guid":{"rendered":"http:\/\/fabis-dancers.ro\/blog\/?page_id=2"},"modified":"2025-08-29T20:22:10","modified_gmt":"2025-08-29T20:22:10","slug":"despre","status":"publish","type":"page","link":"http:\/\/fabis-dancers.ro\/blog\/","title":{"rendered":"Despre"},"content":{"rendered":"\n<p class=\"has-text-align-center\"><strong>Cum a inceput povestea noastra&#8230;<\/strong><\/p>\n\n\n\n<p><span class=\"dia_suggestion w0\" contextmenu=\"true\">\u00cen<\/span>&nbsp;anul 2007&nbsp;<span class=\"dia_suggestion w2\" contextmenu=\"true\"><span class=\"dia_suggestion w14\" contextmenu=\"true\">la<\/span><\/span>&nbsp;<span class=\"dia_suggestion w3\" contextmenu=\"true\">V\u0103lenii<\/span>&nbsp;de Munte a luat&nbsp;fiin\u021b\u0103&nbsp;<strong><span class=\"dia_suggestion_done w9\" contextmenu=\"true\">\u0218coala<\/span>&nbsp;de&nbsp;<span class=\"dia_suggestion w11\" contextmenu=\"true\">Dans<\/span>&nbsp;\u201cFabis Dancers\u201d<\/strong>&nbsp;la&nbsp;<span class=\"dia_suggestion w15\" contextmenu=\"true\">ini\u021biativa<\/span>&nbsp;d-rei prof. coregraf Fabiola Doicil\u0103,&nbsp;<span class=\"dia_suggestion_done w22\" contextmenu=\"true\">fost\u0103<\/span>&nbsp;<span class=\"dia_suggestion w23\" contextmenu=\"true\">balerin\u0103<\/span>&nbsp;a Operei&nbsp;<span class=\"dia_suggestion w26\" contextmenu=\"true\"><span class=\"dia_suggestion w35\" contextmenu=\"true\">din<\/span><\/span>&nbsp;<span class=\"dia_suggestion w27\" contextmenu=\"true\">Bra\u0219ov<\/span>&nbsp;<span class=\"dia_suggestion w28\" contextmenu=\"true\">\u0219i<\/span>&nbsp;a Teatrului de&nbsp;<span class=\"dia_suggestion_done w32\" contextmenu=\"true\">Revist\u0103<\/span>&nbsp;\u201cToma Caragiu\u201d din&nbsp;<span class=\"dia_suggestion w36\" contextmenu=\"true\">Ploie\u0219ti<\/span>.<\/p>\n\n\n\n<p><span class=\"dia_suggestion_done w0\" contextmenu=\"true\">\u0218coala<\/span>&nbsp;<span class=\"dia_suggestion w1\" contextmenu=\"true\">abordeaz\u0103<\/span> mai multe genuri de dans:<\/p>\n\n\n\n<ol class=\"wp-block-list\">\n<li>Dans clasic<\/li>\n\n\n\n<li>Dans modern<\/li>\n\n\n\n<li>Dans de caracter<\/li>\n\n\n\n<li>Show revue<\/li>\n\n\n\n<li>Jazz<\/li>\n\n\n\n<li>Folclor stilizat<\/li>\n\n\n\n<li>Dans contemporan<\/li>\n\n\n\n<li>Lyrical<\/li>\n\n\n\n<li>Fantezie Coregrafic\u0103<\/li>\n\n\n\n<li>Musicall<\/li>\n\n\n\n<li>MTV Comercial<\/li>\n\n\n\n<li>Majorete<\/li>\n<\/ol>\n\n\n\n<p><span class=\"dia_suggestion w0\" contextmenu=\"true\">\u00cen<\/span>&nbsp;anul 2011, am&nbsp;<span class=\"dia_suggestion w3\" contextmenu=\"true\">deschis<\/span>&nbsp;un sediu&nbsp;<span class=\"dia_suggestion w6\" contextmenu=\"true\">\u0219i<\/span>&nbsp;<span class=\"dia_suggestion w7\" contextmenu=\"true\">\u00een<\/span>&nbsp;<span class=\"dia_suggestion w8\" contextmenu=\"true\">Ploie\u0219ti<\/span>, copiii&nbsp;<span class=\"dia_suggestion w10\" contextmenu=\"true\">fiind<\/span>&nbsp;<span class=\"dia_suggestion w11\" contextmenu=\"true\">coordona\u021bi<\/span>&nbsp;de d-<span class=\"dia_suggestion w14\" contextmenu=\"true\">na<\/span>&nbsp;prof.coregraf&nbsp;<span class=\"dia_suggestion w17\" contextmenu=\"true\">Ioana<\/span>&nbsp;Olaru,&nbsp;<span class=\"dia_suggestion w19\" contextmenu=\"true\">balerin\u0103<\/span>&nbsp;a Teatrului &#8222;Toma Caragiu&#8221; iar&nbsp;<span class=\"dia_suggestion w25\" contextmenu=\"true\">\u00een<\/span>&nbsp;2018&nbsp;<span class=\"dia_suggestion w26\" contextmenu=\"true\">\u0219i<\/span>&nbsp;2019 ne-am extins&nbsp;<span class=\"dia_suggestion w30\" contextmenu=\"true\">\u00een<\/span>&nbsp;<span class=\"dia_suggestion w31\" contextmenu=\"true\">M\u0103neciu<\/span>&nbsp;<span class=\"dia_suggestion w32\" contextmenu=\"true\">\u0219i<\/span>&nbsp;<span class=\"dia_suggestion w33\" contextmenu=\"true\">C\u00e2mpina<\/span>.<\/p>\n\n\n\n<p>De-a lungul timpului, copiii&nbsp;<span class=\"dia_suggestion w39\" contextmenu=\"true\">preg\u0103ti\u021bi<\/span>&nbsp;<span class=\"dia_suggestion w7\" contextmenu=\"true\">\u00een<\/span>&nbsp;cadrul&nbsp;<span class=\"dia_suggestion w42\" contextmenu=\"true\">\u0219colii<\/span>&nbsp;de&nbsp;<span class=\"dia_suggestion w44\" contextmenu=\"true\">dans<\/span>&nbsp;\u201cFabis Dancers\u201d au evoluat&nbsp;<span class=\"dia_suggestion w49\" contextmenu=\"true\">at\u00e2t<\/span>&nbsp;pe scenele&nbsp;<span class=\"dia_suggestion w52\" contextmenu=\"true\">na\u021bionale<\/span>&nbsp;<span class=\"dia_suggestion w53\" contextmenu=\"true\">c\u00e2t<\/span>&nbsp;<span class=\"dia_suggestion w6\" contextmenu=\"true\">\u0219i<\/span>&nbsp;<span class=\"dia_suggestion w55\" contextmenu=\"true\">interna\u021bionale<\/span>,&nbsp;<span class=\"dia_suggestion w56\" contextmenu=\"true\">\u00eenregistr\u00e2nd<\/span>&nbsp;<span class=\"dia_suggestion w57\" contextmenu=\"true\">performan\u021be<\/span>&nbsp;demne de invidiat.<\/p>\n\n\n\n<p><span class=\"dia_suggestion w0\" contextmenu=\"true\"><span class=\"dia_suggestion w57\" contextmenu=\"true\"><span class=\"dia_suggestion w56\" contextmenu=\"true\">La<\/span><\/span><\/span>&nbsp;concursurile de specialitate au&nbsp;<span class=\"dia_suggestion w5\" contextmenu=\"true\">ob\u021binut<\/span>&nbsp;<span class=\"dia_suggestion w6\" contextmenu=\"true\">peste<\/span>&nbsp;250 de premii. De remarcat&nbsp;<span class=\"dia_suggestion w11\" contextmenu=\"true\">sunt<\/span>&nbsp;<span class=\"dia_suggestion w12\" contextmenu=\"true\">particip\u0103rile<\/span>&nbsp;<span class=\"dia_suggestion w13\" contextmenu=\"true\"><span class=\"dia_suggestion w20\" contextmenu=\"true\"><span class=\"dia_suggestion w27\" contextmenu=\"true\"><span class=\"dia_suggestion w39\" contextmenu=\"true\"><span class=\"dia_suggestion w26\" contextmenu=\"true\"><span class=\"dia_suggestion w38\" contextmenu=\"true\">la<\/span><\/span><\/span><\/span><\/span><\/span>&nbsp;Festivalul de&nbsp;<span class=\"dia_suggestion w16\" contextmenu=\"true\">Dans<\/span>&nbsp;<span class=\"dia_suggestion w17\" contextmenu=\"true\">\u0219i<\/span>&nbsp;<span class=\"dia_suggestion w18\" contextmenu=\"true\">Muzic\u0103<\/span>&nbsp;de la&nbsp;<span class=\"dia_suggestion w21\" contextmenu=\"true\">San<\/span>&nbsp;Remo &#8211;&nbsp;Italia&nbsp;<span class=\"dia_suggestion w25\" contextmenu=\"true\">\u00een<\/span>&nbsp;2010&nbsp;<span class=\"dia_suggestion w26\" contextmenu=\"true\">\u0219i<\/span>&nbsp;la&nbsp; Concursul&nbsp;<span class=\"dia_suggestion w29\" contextmenu=\"true\">interna\u021bional<\/span>&nbsp;&#8222;Dance World Trophy&#8221;&nbsp;<span class=\"dia_suggestion w32\" contextmenu=\"true\"><span class=\"dia_suggestion w42\" contextmenu=\"true\"><span class=\"dia_suggestion w47\" contextmenu=\"true\"><span class=\"dia_suggestion w58\" contextmenu=\"true\"><span class=\"dia_suggestion w76\" contextmenu=\"true\">din<\/span><\/span><\/span><\/span><\/span>&nbsp;<span class=\"dia_suggestion w34\" contextmenu=\"true\">Vene\u021bia<\/span>&nbsp;<span class=\"dia_suggestion w35\" contextmenu=\"true\">\u00een<\/span>&nbsp;2017, precum&nbsp;<span class=\"dia_suggestion w37\" contextmenu=\"true\">\u0219i<\/span>&nbsp;<span class=\"dia_suggestion w38\" contextmenu=\"true\">calific\u0103rile<\/span>&nbsp;la festivalul \u201dMagia&nbsp;<span class=\"dia_suggestion w42\" contextmenu=\"true\">Italian\u0103<\/span>\u201d din Rimini 2017, festivalul&nbsp;<span class=\"dia_suggestion w46\" contextmenu=\"true\">interna\u021bional<\/span>&nbsp;\u201cOrpheus\u201d din Italia&nbsp;<span class=\"dia_suggestion w50\" contextmenu=\"true\">\u00een<\/span>&nbsp;2017&nbsp;<span class=\"dia_suggestion w51\" contextmenu=\"true\">\u0219i<\/span>&nbsp;festivalul de&nbsp;<span class=\"dia_suggestion w54\" contextmenu=\"true\"><span class=\"dia_suggestion w53\" contextmenu=\"true\">dans<\/span><\/span>&nbsp;Nessebar\u2013<span class=\"dia_suggestion w56\" contextmenu=\"true\"><span class=\"dia_suggestion w80\" contextmenu=\"true\"><span class=\"dia_suggestion w55\" contextmenu=\"true\"><span class=\"dia_suggestion w81\" contextmenu=\"true\">Bulgaria<\/span><\/span><\/span><\/span>&nbsp;2018. La&nbsp;<span class=\"dia_suggestion w58\" contextmenu=\"true\"><span class=\"dia_suggestion w57\" contextmenu=\"true\">acesta<\/span><\/span>&nbsp;din um\u0103&nbsp;&nbsp;<span class=\"dia_suggestion w61\" contextmenu=\"true\">ob\u021b<span class=\"dia_suggestion w71\" contextmenu=\"true\">\u00een<\/span>\u00e2nd<\/span>&nbsp;locurile&nbsp;<span class=\"dia_suggestion w63\" contextmenu=\"true\"><span class=\"dia_suggestion w64\" contextmenu=\"true\">III<\/span><\/span>&nbsp;<span class=\"dia_suggestion w64\" contextmenu=\"true\">\u0219i<\/span>&nbsp;IV,&nbsp;<span class=\"dia_suggestion w66\" contextmenu=\"true\">concur\u00e2nd<\/span>&nbsp;cu&nbsp;<span class=\"dia_suggestion w68\" contextmenu=\"true\">\u0219coli<\/span>&nbsp;de renume&nbsp;<span class=\"dia_suggestion w24\" contextmenu=\"true\">\u00een<\/span>&nbsp;<span class=\"dia_suggestion w72\" contextmenu=\"true\"><span class=\"dia_suggestion w73\" contextmenu=\"true\">lumea<\/span><\/span>&nbsp;<span class=\"dia_suggestion w73\" contextmenu=\"true\"><span class=\"dia_suggestion w74\" contextmenu=\"true\">dansului<\/span><\/span>,&nbsp;<span class=\"dia_suggestion w74\" contextmenu=\"true\">\u0219coli<\/span>&nbsp;din&nbsp;<span class=\"dia_suggestion w76\" contextmenu=\"true\"><span class=\"dia_suggestion w77\" contextmenu=\"true\">Rusia<\/span><\/span>,&nbsp;<span class=\"dia_suggestion w77\" contextmenu=\"true\"><span class=\"dia_suggestion w78\" contextmenu=\"true\">Ucraina<\/span><\/span>, Israel, Grecia, Bulgaria, Polonia&#8230;<\/p>\n\n\n\n<p><span class=\"dia_suggestion w0\" contextmenu=\"true\">\u00cencep\u00e2nd<\/span>&nbsp;cu 1&nbsp;<span class=\"dia_suggestion w2\" contextmenu=\"true\">martie<\/span>&nbsp;2018, ne-am reinventat! Am&nbsp;<span class=\"dia_suggestion w7\" contextmenu=\"true\">dep\u0103\u0219it<\/span>&nbsp;<span class=\"dia_suggestion w8\" contextmenu=\"true\">grani\u021bele<\/span>&nbsp;<span class=\"dia_suggestion w9\" contextmenu=\"true\">dansului<\/span>, am&nbsp;<span class=\"dia_suggestion w11\" contextmenu=\"true\">\u00eenceput<\/span>&nbsp;colaborarea cu profesori de actorie, canto&nbsp;<span class=\"dia_suggestion w18\" contextmenu=\"true\">muzic\u0103<\/span>&nbsp;<span class=\"dia_suggestion w19\" contextmenu=\"true\">u\u0219oar\u0103<\/span>-jazz&nbsp;<span class=\"dia_suggestion w21\" contextmenu=\"true\">\u0219i<\/span> canto popular, pian, org\u0103, pictur\u0103, <span class=\"dia_suggestion w24\" contextmenu=\"true\">arti\u0219ti<\/span>&nbsp;<span class=\"dia_suggestion w25\" contextmenu=\"true\">la<\/span>&nbsp;<span class=\"dia_suggestion w26\" contextmenu=\"true\">r\u00e2ndul<\/span>&nbsp;lor&nbsp;<span class=\"dia_suggestion w28\" contextmenu=\"true\">\u0219i<\/span>&nbsp;astfel s-a&nbsp;<span class=\"dia_suggestion w32\" contextmenu=\"true\">n\u0103scut<\/span>:<strong>&nbsp;&#8222;Fabis Art School&#8221;.&nbsp;<\/strong>&nbsp;<span class=\"dia_suggestion w36\" contextmenu=\"true\">\u00cempreun\u0103<\/span>, dorim&nbsp;<span class=\"dia_suggestion w38\" contextmenu=\"true\">s\u0103<\/span>&nbsp;le&nbsp;<span class=\"dia_suggestion w40\" contextmenu=\"true\">insufl\u0103m<\/span>&nbsp;copiilor&nbsp;<span class=\"dia_suggestion w42\" contextmenu=\"true\">dragostea<\/span>&nbsp;pentru&nbsp;<span class=\"dia_suggestion w44\" contextmenu=\"true\">art\u0103<\/span>, pentru frumos\u2026dorim&nbsp;<span class=\"dia_suggestion w48\" contextmenu=\"true\">s\u0103<\/span>&nbsp;le oferim ocazia&nbsp;<span class=\"dia_suggestion w52\" contextmenu=\"true\">s\u0103<\/span>&nbsp;<span class=\"dia_suggestion w53\" contextmenu=\"true\">simt\u0103<\/span>&nbsp;bucuria&nbsp;<span class=\"dia_suggestion w55\" contextmenu=\"true\">\u0219i<\/span>&nbsp;<span class=\"dia_suggestion w56\" contextmenu=\"true\">emo\u021bia<\/span>&nbsp;unui artist&nbsp;<span class=\"dia_suggestion w59\" contextmenu=\"true\">adev\u0103rat<\/span>. Numai cei&nbsp;<span class=\"dia_suggestion w62\" contextmenu=\"true\"><span class=\"dia_suggestion w79\" contextmenu=\"true\"><span class=\"dia_suggestion w91\" contextmenu=\"true\">care<\/span><\/span><\/span>&nbsp;au avut&nbsp;<span class=\"dia_suggestion w65\" contextmenu=\"true\">aceast\u0103<\/span>&nbsp;<span class=\"dia_suggestion w66\" contextmenu=\"true\">experien\u021b\u0103<\/span>,&nbsp;<span class=\"dia_suggestion w67\" contextmenu=\"true\">\u0219tiu<\/span>&nbsp;exact despre ce vorbim\u2026nimic nu&nbsp;<span class=\"dia_suggestion w74\" contextmenu=\"true\">se<\/span>&nbsp;<span class=\"dia_suggestion w75\" contextmenu=\"true\">compar\u0103<\/span>&nbsp;cu sentimentul pe care&nbsp;<span class=\"dia_suggestion w80\" contextmenu=\"true\">\u00eel<\/span>&nbsp;<span class=\"dia_suggestion w81\" contextmenu=\"true\">tr\u0103ie\u0219ti<\/span>&nbsp;atunci&nbsp;<span class=\"dia_suggestion w83\" contextmenu=\"true\">c\u00e2nd<\/span>&nbsp;<span class=\"dia_suggestion w84\" contextmenu=\"true\"><span class=\"dia_suggestion w99\" contextmenu=\"true\">ai<\/span><\/span>&nbsp;<span class=\"dia_suggestion w85\" contextmenu=\"true\">\u00een<\/span>&nbsp;<span class=\"dia_suggestion w86\" contextmenu=\"true\">fa\u021b\u0103<\/span>&nbsp;zeci,&nbsp;<span class=\"dia_suggestion w88\" contextmenu=\"true\">sute<\/span>&nbsp;de spectatori care&nbsp;<span class=\"dia_suggestion w92\" contextmenu=\"true\">te<\/span>&nbsp;<span class=\"dia_suggestion w93\" contextmenu=\"true\">aplaud\u0103<\/span>&nbsp;<span class=\"dia_suggestion w94\" contextmenu=\"true\">\u0219i<\/span>&nbsp;<span class=\"dia_suggestion w95\" contextmenu=\"true\">\u00ee\u021bi<\/span>&nbsp;<span class=\"dia_suggestion w96\" contextmenu=\"true\">mul\u021bumesc<\/span>&nbsp;pentru&nbsp;<span class=\"dia_suggestion w98\" contextmenu=\"true\">c\u0103<\/span>&nbsp;ai&nbsp;<span class=\"dia_suggestion w100\" contextmenu=\"true\">reu\u0219it<\/span>&nbsp;pentru&nbsp;<span class=\"dia_suggestion w102\" contextmenu=\"true\">c\u00e2teva<\/span>&nbsp;<span class=\"dia_suggestion w103\" contextmenu=\"true\">minute<\/span>,&nbsp;<span class=\"dia_suggestion w104\" contextmenu=\"true\">s\u0103<\/span>-i faci&nbsp;<span class=\"dia_suggestion w107\" contextmenu=\"true\">s\u0103<\/span>&nbsp;uite de problemele cotidiene\u2026 Asfel,&nbsp;<span class=\"dia_suggestion w113\" contextmenu=\"true\">\u00eempletind<\/span>&nbsp;<span class=\"dia_suggestion w114\" contextmenu=\"true\">dansul<\/span>&nbsp;cu&nbsp;<span class=\"dia_suggestion_done w116\" contextmenu=\"true\">muzica<\/span>&nbsp;<span class=\"dia_suggestion w117\" contextmenu=\"true\">\u0219i<\/span>&nbsp;actoria, vom&nbsp;<span class=\"dia_suggestion w120\" contextmenu=\"true\">\u00eencerca<\/span>&nbsp;<span class=\"dia_suggestion w121\" contextmenu=\"true\">s\u0103<\/span>&nbsp;oferim publicului,&nbsp;<span class=\"dia_suggestion w124\" contextmenu=\"true\">adev\u0103rate<\/span>&nbsp;spectacole de&nbsp;<span class=\"dia_suggestion_done w127\" contextmenu=\"true\">revist\u0103<\/span>,&nbsp;<span class=\"dia_suggestion w128\" contextmenu=\"true\">sus\u021binute<\/span>&nbsp;de micii&nbsp;<span class=\"dia_suggestion w131\" contextmenu=\"true\">no\u0219tri<\/span>&nbsp;<span class=\"dia_suggestion w132\" contextmenu=\"true\">arti\u0219ti<\/span>\u201d<\/p>\n\n\n\n<p><span class=\"dia_suggestion w0\" contextmenu=\"true\">\u0218i<\/span>&nbsp;poate&nbsp;<span class=\"dia_suggestion w2\" contextmenu=\"true\">cine<\/span>&nbsp;<span class=\"dia_suggestion w3\" contextmenu=\"true\">\u0219tie<\/span>,&nbsp;<span class=\"dia_suggestion w4\" contextmenu=\"true\">peste<\/span>&nbsp;ani, pe unii&nbsp;<span class=\"dia_suggestion w8\" contextmenu=\"true\">dintre<\/span>&nbsp;ei&nbsp;<span class=\"dia_suggestion w10\" contextmenu=\"true\">\u00eei<\/span>&nbsp;vom revedea pe scenele teatrelor de renume&nbsp;<span class=\"dia_suggestion w18\" contextmenu=\"true\">din<\/span>&nbsp;<span class=\"dia_suggestion w19\" contextmenu=\"true\">\u021bar\u0103<\/span>,&nbsp;<span class=\"dia_suggestion w20\" contextmenu=\"true\">\u00een<\/span>&nbsp;<span class=\"dia_suggestion w21\" contextmenu=\"true\">postura<\/span>&nbsp;de balerini, actori&nbsp;<span class=\"dia_suggestion w25\" contextmenu=\"true\">sau<\/span>&nbsp;<span class=\"dia_suggestion w26\" contextmenu=\"true\">soli\u0219ti<\/span>&nbsp;vocali,&nbsp;<span class=\"dia_suggestion w28\" contextmenu=\"true\">c\u0103lc\u00e2nd<\/span>&nbsp;pe urmele celor&nbsp;<span class=\"dia_suggestion w32\" contextmenu=\"true\">care<\/span>&nbsp;le-au&nbsp;<span class=\"dia_suggestion w35\" contextmenu=\"true\">\u00eendrumat<\/span>&nbsp;<span class=\"dia_suggestion w36\" contextmenu=\"true\">pa\u0219ii<\/span>!<\/p>\n\n\n\n<p class=\"has-text-align-center\"><strong>Echipa &#8222;Fabis Art School&#8221;<\/strong><\/p>\n\n\n\n<p class=\"has-text-align-center\">Manager\/Prof. Coregraf, FABIOLA DOICIL\u0102<\/p>\n\n\n<div class=\"wp-block-image\">\n<figure class=\"aligncenter\"><a href=\"http:\/\/fabis-dancers.ro\/blog\/wp-content\/uploads\/2019\/08\/Fabiola.jpg\"><img loading=\"lazy\" decoding=\"async\" width=\"960\" height=\"960\" src=\"http:\/\/fabis-dancers.ro\/blog\/wp-content\/uploads\/2019\/08\/Fabiola.jpg\" alt=\"\" class=\"wp-image-399\" srcset=\"http:\/\/fabis-dancers.ro\/blog\/wp-content\/uploads\/2019\/08\/Fabiola.jpg 960w, http:\/\/fabis-dancers.ro\/blog\/wp-content\/uploads\/2019\/08\/Fabiola-150x150.jpg 150w, http:\/\/fabis-dancers.ro\/blog\/wp-content\/uploads\/2019\/08\/Fabiola-300x300.jpg 300w, http:\/\/fabis-dancers.ro\/blog\/wp-content\/uploads\/2019\/08\/Fabiola-768x768.jpg 768w\" sizes=\"auto, (max-width: 960px) 100vw, 960px\" \/><\/a><\/figure><\/div>\n\n\n<p><\/p>\n\n\n\n<p>&nbsp;<\/p>\n\n\n\n<p class=\"has-text-align-center\">Prof. Coregraf, IOANA OLARU<\/p>\n\n\n\n<p class=\"has-text-align-center\">Balerin\u0103, Teatrul &#8222;Toma Caragiu&#8221; &#8211; Ploie\u0219ti<\/p>\n\n\n<div class=\"wp-block-image\">\n<figure class=\"aligncenter\"><a href=\"http:\/\/fabis-dancers.ro\/blog\/wp-content\/uploads\/2021\/07\/DSC_3103.jpg\"><img loading=\"lazy\" decoding=\"async\" width=\"1024\" height=\"678\" src=\"http:\/\/fabis-dancers.ro\/blog\/wp-content\/uploads\/2021\/07\/DSC_3103-1024x678.jpg\" alt=\"\" class=\"wp-image-463\" srcset=\"http:\/\/fabis-dancers.ro\/blog\/wp-content\/uploads\/2021\/07\/DSC_3103-1024x678.jpg 1024w, http:\/\/fabis-dancers.ro\/blog\/wp-content\/uploads\/2021\/07\/DSC_3103-300x199.jpg 300w, http:\/\/fabis-dancers.ro\/blog\/wp-content\/uploads\/2021\/07\/DSC_3103-768x509.jpg 768w\" sizes=\"auto, (max-width: 1024px) 100vw, 1024px\" \/><\/a><\/figure><\/div>\n\n\n<p><\/p>\n\n\n\n<p>&nbsp;<\/p>\n\n\n\n<p class=\"has-text-align-center\">Prof. Canto muzic\u0103 u\u0219oar\u0103-jazz, VIOLETA BARAC<\/p>\n\n\n\n<p class=\"has-text-align-center\">solist vocal la Filarmonica &#8222;Paul Constantinescu&#8221;-Ploie\u0219ti<\/p>\n\n\n<div class=\"wp-block-image\">\n<figure class=\"aligncenter size-full\"><img loading=\"lazy\" decoding=\"async\" width=\"675\" height=\"1024\" src=\"https:\/\/fabis-dancers.ro\/blog\/wp-content\/uploads\/2025\/08\/WhatsApp-Image-2023-01-03-at-20.47.23-1.jpg\" alt=\"\" class=\"wp-image-553\" srcset=\"http:\/\/fabis-dancers.ro\/blog\/wp-content\/uploads\/2025\/08\/WhatsApp-Image-2023-01-03-at-20.47.23-1.jpg 675w, http:\/\/fabis-dancers.ro\/blog\/wp-content\/uploads\/2025\/08\/WhatsApp-Image-2023-01-03-at-20.47.23-1-198x300.jpg 198w\" sizes=\"auto, (max-width: 675px) 100vw, 675px\" \/><\/figure><\/div>\n\n\n<p class=\"has-text-align-center\">Prof. Org\u0103 electronic\u0103, SEBI VL\u0102SCEANU<\/p>\n\n\n<div class=\"wp-block-image\">\n<figure class=\"aligncenter size-large\"><a href=\"https:\/\/fabis-dancers.ro\/blog\/wp-content\/uploads\/2025\/08\/WhatsApp-Image-2025-08-24-at-20.32.04_b37ed461-scaled.jpg\"><img loading=\"lazy\" decoding=\"async\" width=\"656\" height=\"1024\" src=\"https:\/\/fabis-dancers.ro\/blog\/wp-content\/uploads\/2025\/08\/WhatsApp-Image-2025-08-24-at-20.32.04_b37ed461-656x1024.jpg\" alt=\"\" class=\"wp-image-554\" srcset=\"http:\/\/fabis-dancers.ro\/blog\/wp-content\/uploads\/2025\/08\/WhatsApp-Image-2025-08-24-at-20.32.04_b37ed461-656x1024.jpg 656w, http:\/\/fabis-dancers.ro\/blog\/wp-content\/uploads\/2025\/08\/WhatsApp-Image-2025-08-24-at-20.32.04_b37ed461-192x300.jpg 192w, http:\/\/fabis-dancers.ro\/blog\/wp-content\/uploads\/2025\/08\/WhatsApp-Image-2025-08-24-at-20.32.04_b37ed461-768x1199.jpg 768w, http:\/\/fabis-dancers.ro\/blog\/wp-content\/uploads\/2025\/08\/WhatsApp-Image-2025-08-24-at-20.32.04_b37ed461-984x1536.jpg 984w, http:\/\/fabis-dancers.ro\/blog\/wp-content\/uploads\/2025\/08\/WhatsApp-Image-2025-08-24-at-20.32.04_b37ed461-1312x2048.jpg 1312w, http:\/\/fabis-dancers.ro\/blog\/wp-content\/uploads\/2025\/08\/WhatsApp-Image-2025-08-24-at-20.32.04_b37ed461-scaled.jpg 1640w\" sizes=\"auto, (max-width: 656px) 100vw, 656px\" \/><\/a><\/figure><\/div>\n\n\n<p class=\"has-text-align-center\">Prof. Arta Actorului,\u00a0 RADU TUDORA\u0218<br> Actor<\/p>\n\n\n\n<div class=\"wp-block-columns is-layout-flex wp-container-core-columns-is-layout-28f84493 wp-block-columns-is-layout-flex\">\n<div class=\"wp-block-column is-layout-flow wp-block-column-is-layout-flow\" style=\"flex-basis:100%\">\n<div class=\"wp-block-group\"><div class=\"wp-block-group__inner-container is-layout-constrained wp-block-group-is-layout-constrained\">\n<div class=\"wp-block-columns is-layout-flex wp-container-core-columns-is-layout-28f84493 wp-block-columns-is-layout-flex\">\n<div class=\"wp-block-column is-layout-flow wp-block-column-is-layout-flow\" style=\"flex-basis:100%\"><div class=\"wp-block-image\">\n<figure class=\"aligncenter size-full\"><a href=\"https:\/\/fabis-dancers.ro\/blog\/wp-content\/uploads\/2025\/08\/72304533_2697557823608972_4674976549127061504_n.jpg\"><img loading=\"lazy\" decoding=\"async\" width=\"728\" height=\"713\" src=\"https:\/\/fabis-dancers.ro\/blog\/wp-content\/uploads\/2025\/08\/72304533_2697557823608972_4674976549127061504_n.jpg\" alt=\"\" class=\"wp-image-545\" srcset=\"http:\/\/fabis-dancers.ro\/blog\/wp-content\/uploads\/2025\/08\/72304533_2697557823608972_4674976549127061504_n.jpg 728w, http:\/\/fabis-dancers.ro\/blog\/wp-content\/uploads\/2025\/08\/72304533_2697557823608972_4674976549127061504_n-300x294.jpg 300w\" sizes=\"auto, (max-width: 728px) 100vw, 728px\" \/><\/a><\/figure><\/div><\/div>\n<\/div>\n<\/div><\/div>\n<\/div>\n<\/div>\n\n\n\n<p class=\"has-text-align-center\">Prof. Pian \u0219i Canto, GEORGIANA  CR\u0102CIUN<br><\/p>\n\n\n<div class=\"wp-block-image\">\n<figure class=\"aligncenter size-large\"><a href=\"https:\/\/fabis-dancers.ro\/blog\/wp-content\/uploads\/2025\/08\/WhatsApp-Image-2025-08-24-at-19.11.49_9f0387ee.jpg\"><img loading=\"lazy\" decoding=\"async\" width=\"768\" height=\"1024\" src=\"https:\/\/fabis-dancers.ro\/blog\/wp-content\/uploads\/2025\/08\/WhatsApp-Image-2025-08-24-at-19.11.49_9f0387ee-768x1024.jpg\" alt=\"\" class=\"wp-image-548\" srcset=\"http:\/\/fabis-dancers.ro\/blog\/wp-content\/uploads\/2025\/08\/WhatsApp-Image-2025-08-24-at-19.11.49_9f0387ee-768x1024.jpg 768w, http:\/\/fabis-dancers.ro\/blog\/wp-content\/uploads\/2025\/08\/WhatsApp-Image-2025-08-24-at-19.11.49_9f0387ee-225x300.jpg 225w, http:\/\/fabis-dancers.ro\/blog\/wp-content\/uploads\/2025\/08\/WhatsApp-Image-2025-08-24-at-19.11.49_9f0387ee-1152x1536.jpg 1152w, http:\/\/fabis-dancers.ro\/blog\/wp-content\/uploads\/2025\/08\/WhatsApp-Image-2025-08-24-at-19.11.49_9f0387ee.jpg 1200w\" sizes=\"auto, (max-width: 768px) 100vw, 768px\" \/><\/a><\/figure><\/div>\n\n\n<p class=\"has-text-align-center\">Instructor vocal, ROXANA BUCUR<br>interpret muzic\u0103 u\u0219oar\u0103<\/p>\n\n\n\n<div class=\"wp-block-columns is-layout-flex wp-container-core-columns-is-layout-28f84493 wp-block-columns-is-layout-flex\">\n<div class=\"wp-block-column is-layout-flow wp-block-column-is-layout-flow\" style=\"flex-basis:100%\">\n<figure class=\"wp-block-image size-large\"><a href=\"https:\/\/fabis-dancers.ro\/blog\/wp-content\/uploads\/2025\/08\/WhatsApp-Image-2025-08-24-at-19.12.34_2f3e76d3.jpg\"><img loading=\"lazy\" decoding=\"async\" width=\"768\" height=\"1024\" src=\"https:\/\/fabis-dancers.ro\/blog\/wp-content\/uploads\/2025\/08\/WhatsApp-Image-2025-08-24-at-19.12.34_2f3e76d3-768x1024.jpg\" alt=\"\" class=\"wp-image-546\" srcset=\"http:\/\/fabis-dancers.ro\/blog\/wp-content\/uploads\/2025\/08\/WhatsApp-Image-2025-08-24-at-19.12.34_2f3e76d3-768x1024.jpg 768w, http:\/\/fabis-dancers.ro\/blog\/wp-content\/uploads\/2025\/08\/WhatsApp-Image-2025-08-24-at-19.12.34_2f3e76d3-225x300.jpg 225w, http:\/\/fabis-dancers.ro\/blog\/wp-content\/uploads\/2025\/08\/WhatsApp-Image-2025-08-24-at-19.12.34_2f3e76d3-1152x1536.jpg 1152w, http:\/\/fabis-dancers.ro\/blog\/wp-content\/uploads\/2025\/08\/WhatsApp-Image-2025-08-24-at-19.12.34_2f3e76d3.jpg 1200w\" sizes=\"auto, (max-width: 768px) 100vw, 768px\" \/><\/a><\/figure>\n<\/div>\n<\/div>\n\n\n\n<p class=\"has-text-align-center\">Instructor dans New styles , ANDREEA IANCU \u0219i ERIKA M\u0102RU\u021aOIU<\/p>\n\n\n\n<p class=\"has-text-align-center\">foste eleve ale \u0219colii noastre<\/p>\n\n\n<div class=\"wp-block-image\">\n<figure class=\"aligncenter size-large is-resized\"><a href=\"https:\/\/fabis-dancers.ro\/blog\/wp-content\/uploads\/2025\/08\/WhatsApp-Image-2025-08-24-at-20.31.23_579f6524-1.jpg\"><img loading=\"lazy\" decoding=\"async\" width=\"768\" height=\"1024\" src=\"https:\/\/fabis-dancers.ro\/blog\/wp-content\/uploads\/2025\/08\/WhatsApp-Image-2025-08-24-at-20.31.23_579f6524-1-768x1024.jpg\" alt=\"\" class=\"wp-image-551\" style=\"width:712px;height:auto\" srcset=\"http:\/\/fabis-dancers.ro\/blog\/wp-content\/uploads\/2025\/08\/WhatsApp-Image-2025-08-24-at-20.31.23_579f6524-1-768x1024.jpg 768w, http:\/\/fabis-dancers.ro\/blog\/wp-content\/uploads\/2025\/08\/WhatsApp-Image-2025-08-24-at-20.31.23_579f6524-1-225x300.jpg 225w, http:\/\/fabis-dancers.ro\/blog\/wp-content\/uploads\/2025\/08\/WhatsApp-Image-2025-08-24-at-20.31.23_579f6524-1-1152x1536.jpg 1152w, http:\/\/fabis-dancers.ro\/blog\/wp-content\/uploads\/2025\/08\/WhatsApp-Image-2025-08-24-at-20.31.23_579f6524-1.jpg 1536w\" sizes=\"auto, (max-width: 768px) 100vw, 768px\" \/><\/a><\/figure><\/div>\n\n\n<p class=\"has-text-align-center\"><br><\/p>\n\n\n<div class=\"wp-block-image\">\n<figure class=\"aligncenter size-large is-resized\"><a href=\"https:\/\/fabis-dancers.ro\/blog\/wp-content\/uploads\/2025\/08\/WhatsApp-Image-2025-08-22-at-21.16.10_47273186.jpg\"><img loading=\"lazy\" decoding=\"async\" width=\"768\" height=\"1024\" src=\"https:\/\/fabis-dancers.ro\/blog\/wp-content\/uploads\/2025\/08\/WhatsApp-Image-2025-08-22-at-21.16.10_47273186-768x1024.jpg\" alt=\"\" class=\"wp-image-550\" style=\"width:746px;height:auto\" srcset=\"http:\/\/fabis-dancers.ro\/blog\/wp-content\/uploads\/2025\/08\/WhatsApp-Image-2025-08-22-at-21.16.10_47273186-768x1024.jpg 768w, http:\/\/fabis-dancers.ro\/blog\/wp-content\/uploads\/2025\/08\/WhatsApp-Image-2025-08-22-at-21.16.10_47273186-225x300.jpg 225w, http:\/\/fabis-dancers.ro\/blog\/wp-content\/uploads\/2025\/08\/WhatsApp-Image-2025-08-22-at-21.16.10_47273186-1152x1536.jpg 1152w, http:\/\/fabis-dancers.ro\/blog\/wp-content\/uploads\/2025\/08\/WhatsApp-Image-2025-08-22-at-21.16.10_47273186.jpg 1536w\" sizes=\"auto, (max-width: 768px) 100vw, 768px\" \/><\/a><\/figure><\/div>\n\n\n<p class=\"has-text-align-center\">Antrenor gimnastic\u0103 ritmic\u0103, ALEXANDRA MARINESCU <\/p>\n\n\n\n<div class=\"wp-block-columns is-layout-flex wp-container-core-columns-is-layout-28f84493 wp-block-columns-is-layout-flex\">\n<div class=\"wp-block-column is-layout-flow wp-block-column-is-layout-flow\" style=\"flex-basis:100%\">\n<figure class=\"wp-block-image\"><img loading=\"lazy\" decoding=\"async\" width=\"960\" height=\"950\" src=\"http:\/\/fabis-dancers.ro\/blog\/wp-content\/uploads\/2022\/02\/272313429_4814791265256023_2783121430571882833_n-2.jpg\" alt=\"\" class=\"wp-image-481\" srcset=\"http:\/\/fabis-dancers.ro\/blog\/wp-content\/uploads\/2022\/02\/272313429_4814791265256023_2783121430571882833_n-2.jpg 960w, http:\/\/fabis-dancers.ro\/blog\/wp-content\/uploads\/2022\/02\/272313429_4814791265256023_2783121430571882833_n-2-300x297.jpg 300w, http:\/\/fabis-dancers.ro\/blog\/wp-content\/uploads\/2022\/02\/272313429_4814791265256023_2783121430571882833_n-2-768x760.jpg 768w\" sizes=\"auto, (max-width: 960px) 100vw, 960px\" \/><\/figure>\n<\/div>\n<\/div>\n\n\n\n<p class=\"has-text-align-center\">Prof. GEORGE CRISTIAN ALEXANDRU, <br>artist plastic \u0219i profesor de educa\u021bie plastic\u0103.<\/p>\n\n\n\n<div class=\"wp-block-columns is-layout-flex wp-container-core-columns-is-layout-28f84493 wp-block-columns-is-layout-flex\">\n<div class=\"wp-block-column is-layout-flow wp-block-column-is-layout-flow\" style=\"flex-basis:100%\">\n<div class=\"wp-block-group\"><div class=\"wp-block-group__inner-container is-layout-constrained wp-block-group-is-layout-constrained\">\n<div class=\"wp-block-columns is-layout-flex wp-container-core-columns-is-layout-28f84493 wp-block-columns-is-layout-flex\">\n<div class=\"wp-block-column is-layout-flow wp-block-column-is-layout-flow\" style=\"flex-basis:100%\">\n<figure class=\"wp-block-image size-full is-resized\"><a href=\"https:\/\/fabis-dancers.ro\/blog\/wp-content\/uploads\/2025\/08\/480308037_122125320734606499_2957423321110652742_n.jpg\"><img loading=\"lazy\" decoding=\"async\" width=\"720\" height=\"960\" src=\"https:\/\/fabis-dancers.ro\/blog\/wp-content\/uploads\/2025\/08\/480308037_122125320734606499_2957423321110652742_n.jpg\" alt=\"\" class=\"wp-image-547\" style=\"width:720px;height:auto\" srcset=\"http:\/\/fabis-dancers.ro\/blog\/wp-content\/uploads\/2025\/08\/480308037_122125320734606499_2957423321110652742_n.jpg 720w, http:\/\/fabis-dancers.ro\/blog\/wp-content\/uploads\/2025\/08\/480308037_122125320734606499_2957423321110652742_n-225x300.jpg 225w\" sizes=\"auto, (max-width: 720px) 100vw, 720px\" \/><\/a><\/figure>\n<\/div>\n<\/div>\n<\/div><\/div>\n<\/div>\n<\/div>\n\n\n","protected":false},"excerpt":{"rendered":"<p>Cum a inceput povestea noastra&#8230; \u00cen&nbsp;anul 2007&nbsp;la&nbsp;V\u0103lenii&nbsp;de Munte a luat&nbsp;fiin\u021b\u0103&nbsp;\u0218coala&nbsp;de&nbsp;Dans&nbsp;\u201cFabis Dancers\u201d&nbsp;la&nbsp;ini\u021biativa&nbsp;d-rei prof. coregraf Fabiola Doicil\u0103,&nbsp;fost\u0103&nbsp;balerin\u0103&nbsp;a Operei&nbsp;din&nbsp;Bra\u0219ov&nbsp;\u0219i&nbsp;a Teatrului de&nbsp;Revist\u0103&nbsp;\u201cToma Caragiu\u201d din&nbsp;Ploie\u0219ti. \u0218coala&nbsp;abordeaz\u0103 mai multe genuri de dans: \u00cen&nbsp;anul 2011, am&nbsp;deschis&nbsp;un sediu&nbsp;\u0219i&nbsp;\u00een&nbsp;Ploie\u0219ti, copiii&nbsp;fiind&nbsp;coordona\u021bi&nbsp;de d-na&nbsp;prof.coregraf&nbsp;Ioana&nbsp;Olaru,&nbsp;balerin\u0103&nbsp;a Teatrului &#8222;Toma Caragiu&#8221; iar&nbsp;\u00een&nbsp;2018&nbsp;\u0219i&nbsp;2019 ne-am extins&nbsp;\u00een&nbsp;M\u0103neciu&nbsp;\u0219i&nbsp;C\u00e2mpina. De-a lungul timpului, copiii&nbsp;preg\u0103ti\u021bi&nbsp;\u00een&nbsp;cadrul&nbsp;\u0219colii&nbsp;de&nbsp;dans&nbsp;\u201cFabis Dancers\u201d au evoluat&nbsp;at\u00e2t&nbsp;pe scenele&nbsp;na\u021bionale&nbsp;c\u00e2t&nbsp;\u0219i&nbsp;interna\u021bionale,&nbsp;\u00eenregistr\u00e2nd&nbsp;performan\u021be&nbsp;demne de invidiat. La&nbsp;concursurile de specialitate au&nbsp;ob\u021binut&nbsp;peste&nbsp;250 de premii. De [&hellip;]<\/p>\n","protected":false},"author":1,"featured_media":0,"parent":0,"menu_order":0,"comment_status":"open","ping_status":"open","template":"","meta":{"jetpack_post_was_ever_published":false,"footnotes":""},"class_list":["post-2","page","type-page","status-publish","hentry"],"jetpack_sharing_enabled":true,"jetpack_shortlink":"https:\/\/wp.me\/PaflDo-2","_links":{"self":[{"href":"http:\/\/fabis-dancers.ro\/blog\/wp-json\/wp\/v2\/pages\/2","targetHints":{"allow":["GET"]}}],"collection":[{"href":"http:\/\/fabis-dancers.ro\/blog\/wp-json\/wp\/v2\/pages"}],"about":[{"href":"http:\/\/fabis-dancers.ro\/blog\/wp-json\/wp\/v2\/types\/page"}],"author":[{"embeddable":true,"href":"http:\/\/fabis-dancers.ro\/blog\/wp-json\/wp\/v2\/users\/1"}],"replies":[{"embeddable":true,"href":"http:\/\/fabis-dancers.ro\/blog\/wp-json\/wp\/v2\/comments?post=2"}],"version-history":[{"count":17,"href":"http:\/\/fabis-dancers.ro\/blog\/wp-json\/wp\/v2\/pages\/2\/revisions"}],"predecessor-version":[{"id":555,"href":"http:\/\/fabis-dancers.ro\/blog\/wp-json\/wp\/v2\/pages\/2\/revisions\/555"}],"wp:attachment":[{"href":"http:\/\/fabis-dancers.ro\/blog\/wp-json\/wp\/v2\/media?parent=2"}],"curies":[{"name":"wp","href":"https:\/\/api.w.org\/{rel}","templated":true}]}}